{"id":16608,"date":"2022-05-09T12:55:34","date_gmt":"2022-05-09T12:55:34","guid":{"rendered":"https:\/\/aerokingairco.nl\/ueber-uns\/"},"modified":"2023-01-26T10:34:28","modified_gmt":"2023-01-26T10:34:28","slug":"ueber-uns","status":"publish","type":"page","link":"https:\/\/aerokingairco.nl\/de\/ueber-uns\/","title":{"rendered":"\u00dcber uns"},"content":{"rendered":"<div class=\"wpb-content-wrapper\"><p>[vc_row css=&#8220;.vc_custom_1649681799424{padding-top: 50px !important;padding-bottom: 50px !important;}&#8220;][vc_column width=&#8220;1\/2&#8243; css=&#8220;.vc_custom_1651668209482{padding-top: 50px !important;padding-bottom: 50px !important;background-image: url(https:\/\/aerokingairco.nl\/wp-content\/uploads\/2022\/04\/gradient-_Tekengebied-1-scaled.jpg?id=15875) !important;background-position: center !important;background-repeat: no-repeat !important;background-size: cover !important;border-radius: 5px !important;}&#8220; el_class=&#8220;padding-left padding-right&#8220;][vc_column_text css=&#8220;.vc_custom_1650614829370{padding-bottom: 15px !important;}&#8220; el_class=&#8220;space&#8220;]<\/p>\n<p style=\"color: #fff;\">M\u00f6chten Sie mehr \u00fcber Aeroking erfahren?<\/p>\n<p>[\/vc_column_text]<div id=\"ultimate-heading-787669f4d53132dc2\" class=\"uvc-heading ult-adjust-bottom-margin ultimate-heading-787669f4d53132dc2 uvc-5567  uvc-heading-default-font-sizes\" data-hspacer=\"no_spacer\"  data-halign=\"left\" style=\"text-align:left\"><div class=\"uvc-heading-spacer no_spacer\" style=\"top\"><\/div><div class=\"uvc-main-heading ult-responsive\"  data-ultimate-target='.uvc-heading.ultimate-heading-787669f4d53132dc2 h1'  data-responsive-json-new='{\"font-size\":\"\",\"line-height\":\"\"}' ><h1 style=\"--font-weight:theme;color:#ffffff;margin-bottom:15px;\">\u00dcber uns<\/h1><\/div><\/div>[vc_column_text css=&#8220;.vc_custom_1649922476921{padding-bottom: 25px !important;}&#8220;]<\/p>\n<p style=\"color: #fff;\">Coole Jungs f\u00fcr den h\u00e4rtesten Job, keine Angst! Zusammen mit DES Elektrotechniek und Leroy im Bau, ein eingespieltes Team, das sich schon lange kennt und gut aufeinander abgestimmt ist. Sie wissen, wie man jeden Job zu einem Vergn\u00fcgen macht!<\/p>\n<p>[\/vc_column_text]<style type=\"text\/css\">#dt-btn-1 {color: #ffffff;border-color: #ffffff;}#dt-btn-1 > .text-wrap * {color: #ffffff;}#dt-btn-1:hover {color: #000000;background: #ffffff;border-color: #ffffff;}#dt-btn-1:hover > .text-wrap * {color: #000000;}<\/style><a href=\"#!\/arbeitsbereich\" class=\"btn-shortcode dt-btn-s dt-btn outline-bg-btn custom-btn-color custom-btn-hover-color anchor-link\" id=\"dt-btn-1\"><span>Sehen Sie sich unseren Arbeitsbereich an<\/span><\/a>[\/vc_column][vc_column width=&#8220;1\/2&#8243; css=&#8220;.vc_custom_1650614906180{margin-top: -2em !important;margin-left: -6% !important;background-image: url(https:\/\/aerokingairco.nl\/wp-content\/uploads\/2022\/03\/ilya-pavlov-XPT-OtA0E-8-unsplash.jpg?id=15642) !important;background-position: center !important;background-repeat: no-repeat !important;background-size: cover !important;border-radius: 5px !important;}&#8220;][vc_empty_space height=&#8220;375&#8243;][\/vc_column][\/vc_row][vc_row equal_height=&#8220;yes&#8220; content_placement=&#8220;middle&#8220; el_class=&#8220;reverse-row-on-mobile&#8220;][vc_column width=&#8220;1\/2&#8243;]<style type=\"text\/css\" data-type=\"the7_shortcodes-inline-css\">.shortcode-single-image-wrap.shortcode-single-image-81583c2e409ef98a9e21e32c5c2c3f63.enable-bg-rollover .rollover i,\n.shortcode-single-image-wrap.shortcode-single-image-81583c2e409ef98a9e21e32c5c2c3f63.enable-bg-rollover .rollover-video i {\n  background: -webkit-linear-gradient();\n  background: linear-gradient();\n}\n.shortcode-single-image-wrap.shortcode-single-image-81583c2e409ef98a9e21e32c5c2c3f63 .rollover-icon {\n  font-size: 32px;\n  color: #ffffff;\n  min-width: 44px;\n  min-height: 44px;\n  line-height: 44px;\n  border-radius: 100px;\n  border-style: solid;\n  border-width: 0px;\n}\n.dt-icon-bg-on.shortcode-single-image-wrap.shortcode-single-image-81583c2e409ef98a9e21e32c5c2c3f63 .rollover-icon {\n  background: rgba(255,255,255,0.3);\n  box-shadow: none;\n}<\/style><div class=\"shortcode-single-image-wrap shortcode-single-image-81583c2e409ef98a9e21e32c5c2c3f63 alignnone  enable-bg-rollover dt-icon-bg-off\" style=\"margin-top:0px; margin-bottom:0px; margin-left:0px; margin-right:0px; width:650px;\"><div class=\"shortcode-single-image\"><div class=\"fancy-media-wrap  layzr-bg\" style=\"\"><img fetchpriority=\"high\" decoding=\"async\" class=\"preload-me lazy-load aspect\" src=\"data:image\/svg+xml,%3Csvg%20xmlns%3D&#39;http%3A%2F%2Fwww.w3.org%2F2000%2Fsvg&#39;%20viewBox%3D&#39;0%200%20650%20459&#39;%2F%3E\" data-src=\"https:\/\/aerokingairco.nl\/wp-content\/uploads\/2022\/04\/Daikin-academy-650x459.png\" data-srcset=\"https:\/\/aerokingairco.nl\/wp-content\/uploads\/2022\/04\/Daikin-academy-650x459.png 650w, https:\/\/aerokingairco.nl\/wp-content\/uploads\/2022\/04\/Daikin-academy-1300x918.png 1300w\" loading=\"eager\" sizes=\"(max-width: 650px) 100vw, 650px\" width=\"650\" height=\"459\"  data-dt-location=\"https:\/\/aerokingairco.nl\/de\/over-ons\/daikin-academy\/\" style=\"--ratio: 650 \/ 459;\" alt=\"Jovi Grau diploma Aeroking Airco\" \/><\/div><\/div><\/div>[\/vc_column][vc_column width=&#8220;1\/2&#8243;][vc_column_text css=&#8220;.vc_custom_1650614857315{padding-bottom: 15px !important;}&#8220; el_class=&#8220;space&#8220;]<\/p>\n<p style=\"color: #000;\">Zertifiziert und spezialisiert<\/p>\n<p>[\/vc_column_text]<div id=\"ultimate-heading-986869f4d53133b8c\" class=\"uvc-heading ult-adjust-bottom-margin ultimate-heading-986869f4d53133b8c uvc-9238  uvc-heading-default-font-sizes\" data-hspacer=\"no_spacer\"  data-halign=\"left\" style=\"text-align:left\"><div class=\"uvc-heading-spacer no_spacer\" style=\"top\"><\/div><div class=\"uvc-main-heading ult-responsive\"  data-ultimate-target='.uvc-heading.ultimate-heading-986869f4d53133b8c h2'  data-responsive-json-new='{\"font-size\":\"\",\"line-height\":\"\"}' ><h2 style=\"--font-weight:theme;margin-bottom:15px;\">Unsere Berater<\/h2><\/div><\/div>[vc_column_text]F\u00fcr jeden Auftrag schauen sich unsere Berater an, welches System f\u00fcr Ihren Einsatz und Standort am besten geeignet ist und beraten Sie dazu ehrlich. W\u00e4hrend der Installation Ihrer Klimaanlage f\u00fchren unsere STEK-zertifizierten Techniker die komplette Installation in \u00dcbereinstimmung mit den geltenden Gesetzen und Vorschriften durch.<\/p>\n<p><a href=\"https:\/\/stek.nl\/\" target=\"_blank\" rel=\"noopener\">STEK-zertifiziert<\/a> und Daikin spezialisiert.[\/vc_column_text][\/vc_column][\/vc_row][vc_row equal_height=&#8220;yes&#8220; content_placement=&#8220;middle&#8220; css=&#8220;.vc_custom_1652185037171{padding-top: 50px !important;padding-bottom: 50px !important;}&#8220; el_id=&#8220;arbeitsbereich&#8220;][vc_column width=&#8220;1\/2&#8243;][vc_column_text css=&#8220;.vc_custom_1650614870704{padding-bottom: 15px !important;}&#8220; el_class=&#8220;space&#8220;]Sind Sie an unseren Dienstleistungen interessiert?[\/vc_column_text]<div id=\"ultimate-heading-732269f4d53133be7\" class=\"uvc-heading ult-adjust-bottom-margin ultimate-heading-732269f4d53133be7 uvc-7589  uvc-heading-default-font-sizes\" data-hspacer=\"no_spacer\"  data-halign=\"left\" style=\"text-align:left\"><div class=\"uvc-heading-spacer no_spacer\" style=\"top\"><\/div><div class=\"uvc-main-heading ult-responsive\"  data-ultimate-target='.uvc-heading.ultimate-heading-732269f4d53133be7 h2'  data-responsive-json-new='{\"font-size\":\"\",\"line-height\":\"\"}' ><h2 style=\"--font-weight:theme;margin-bottom:15px;\">Unser Arbeitsbereich<\/h2><\/div><\/div>[vc_column_text css=&#8220;.vc_custom_1650448506794{padding-bottom: 25px !important;}&#8220;]<\/p>\n<p class=\"Standard\">Wir arbeiten in der Umgebung von S\u00fcd- und Mittellimburg, den deutschen Grenzgebieten Heinsberg, Aachen und Belgisch-Limburg. Wohnen Sie in dieser Gegend? Dann besuchen wir Sie unverbindlich, um Ihre M\u00f6glichkeiten einzusehen. Wenn Sie Fragen haben, k\u00f6nnen Sie uns jederzeit <a href=\"https:\/\/aerokingairco.nl\/de\/kontakt\/\">kontaktieren<\/a> oder Sie k\u00f6nnen herausfinden, welche Klimaanlage zu Ihnen passt, indem Sie unseren Klimaw\u00e4hler verwenden.<\/p>\n<p>[\/vc_column_text]<style type=\"text\/css\">#dt-btn-2 {color: #000000;border-color: #2097d3;}#dt-btn-2 > .text-wrap * {color: #000000;}#dt-btn-2:hover {color: #ffffff;background: #2097d3;border-color: #2097d3;}#dt-btn-2:hover > .text-wrap * {color: #ffffff;}<\/style><a href=\"\/de\/klimageraet\/\" class=\"btn-shortcode dt-btn-s dt-btn outline-bg-btn custom-btn-color custom-btn-hover-color\" id=\"dt-btn-2\"><span>F\u00fchren Sie die Auswahl der Klimaanlage durch<\/span><\/a>[\/vc_column][vc_column width=&#8220;1\/2&#8243;]<style type=\"text\/css\" data-type=\"the7_shortcodes-inline-css\">.shortcode-single-image-wrap.shortcode-single-image-38bf83c4d2a4b5cf5f662febce9ae2c8.enable-bg-rollover .rollover i,\n.shortcode-single-image-wrap.shortcode-single-image-38bf83c4d2a4b5cf5f662febce9ae2c8.enable-bg-rollover .rollover-video i {\n  background: -webkit-linear-gradient();\n  background: linear-gradient();\n}\n.shortcode-single-image-wrap.shortcode-single-image-38bf83c4d2a4b5cf5f662febce9ae2c8 .rollover-icon {\n  font-size: 32px;\n  color: #ffffff;\n  min-width: 44px;\n  min-height: 44px;\n  line-height: 44px;\n  border-radius: 100px;\n  border-style: solid;\n  border-width: 0px;\n}\n.dt-icon-bg-on.shortcode-single-image-wrap.shortcode-single-image-38bf83c4d2a4b5cf5f662febce9ae2c8 .rollover-icon {\n  background: rgba(255,255,255,0.3);\n  box-shadow: none;\n}<\/style><div class=\"shortcode-single-image-wrap shortcode-single-image-38bf83c4d2a4b5cf5f662febce9ae2c8 alignnone  enable-bg-rollover dt-icon-bg-off\" style=\"margin-top:0px; margin-bottom:0px; margin-left:0px; margin-right:0px; width:500px;\"><div class=\"shortcode-single-image\"><div class=\"fancy-media-wrap  layzr-bg\" style=\"\"><img decoding=\"async\" class=\"preload-me lazy-load aspect\" src=\"data:image\/svg+xml,%3Csvg%20xmlns%3D&#39;http%3A%2F%2Fwww.w3.org%2F2000%2Fsvg&#39;%20viewBox%3D&#39;0%200%20426%20475&#39;%2F%3E\" data-src=\"https:\/\/aerokingairco.nl\/wp-content\/uploads\/2022\/04\/werkgebied-kaartje-goed-nieuw-11.png\" data-srcset=\"https:\/\/aerokingairco.nl\/wp-content\/uploads\/2022\/04\/werkgebied-kaartje-goed-nieuw-11.png 426w\" loading=\"eager\" sizes=\"(max-width: 426px) 100vw, 426px\" width=\"426\" height=\"475\"  data-dt-location=\"https:\/\/aerokingairco.nl\/de\/airco-limburg\/werkgebied-kaartje-goed-nieuw-11\/\" style=\"--ratio: 426 \/ 475;\" alt=\"Werkgebied Aeroking Airco\" \/><\/div><\/div><\/div>[\/vc_column][\/vc_row]<\/p>\n<\/div>","protected":false},"excerpt":{"rendered":"<p>[vc_row css=&#8220;.vc_custom_1649681799424{padding-top: 50px !important;padding-bottom: 50px !important;}&#8220;][vc_column width=&#8220;1\/2&#8243; css=&#8220;.vc_custom_1651668209482{padding-top: 50px !important;padding-bottom: 50px !important;background-image: url(https:\/\/aerokingairco.nl\/wp-content\/uploads\/2022\/04\/gradient-_Tekengebied-1-scaled.jpg?id=15875) !important;background-position: center !important;background-repeat: no-repeat !important;background-size: cover !important;border-radius: 5px !important;}&#8220; el_class=&#8220;padding-left padding-right&#8220;][vc_column_text css=&#8220;.vc_custom_1650614829370{padding-bottom: 15px !important;}&#8220; el_class=&#8220;space&#8220;] M\u00f6chten Sie mehr \u00fcber Aeroking erfahren? [\/vc_column_text][vc_column_text css=&#8220;.vc_custom_1649922476921{padding-bottom: 25px !important;}&#8220;] Coole Jungs f\u00fcr den h\u00e4rtesten Job, keine Angst! Zusammen mit DES Elektrotechniek und Leroy im Bau, ein&hellip;<\/p>\n","protected":false},"author":4,"featured_media":0,"parent":0,"menu_order":0,"comment_status":"closed","ping_status":"closed","template":"","meta":{"_joinchat":[],"footnotes":""},"class_list":["post-16608","page","type-page","status-publish","hentry","description-off"],"yoast_head":"<!-- This site is optimized with the Yoast SEO plugin v27.0 - https:\/\/yoast.com\/product\/yoast-seo-wordpress\/ -->\n<title>\u00dcber uns - Aeroking Airco<\/title>\n<meta name=\"description\" content=\"Das Team von Aeroking Airco ist bereit f\u00fcr Sie. Erfahren Sie mehr \u00fcber uns und unseren T\u00e4tigkeitsbereich oder kontaktieren Sie uns f\u00fcr weitere Informationen!\" \/>\n<meta name=\"robots\" content=\"index, follow, max-snippet:-1, max-image-preview:large, max-video-preview:-1\" \/>\n<link rel=\"canonical\" href=\"https:\/\/aerokingairco.nl\/de\/ueber-uns\/\" \/>\n<meta property=\"og:locale\" content=\"de_DE\" \/>\n<meta property=\"og:type\" content=\"article\" \/>\n<meta property=\"og:title\" content=\"\u00dcber uns - Aeroking Airco\" \/>\n<meta property=\"og:description\" content=\"Das Team von Aeroking Airco ist bereit f\u00fcr Sie. Erfahren Sie mehr \u00fcber uns und unseren T\u00e4tigkeitsbereich oder kontaktieren Sie uns f\u00fcr weitere Informationen!\" \/>\n<meta property=\"og:url\" content=\"https:\/\/aerokingairco.nl\/de\/ueber-uns\/\" \/>\n<meta property=\"og:site_name\" content=\"Aeroking Airco\" \/>\n<meta property=\"article:modified_time\" content=\"2023-01-26T10:34:28+00:00\" \/>\n<meta name=\"twitter:card\" content=\"summary_large_image\" \/>\n<meta name=\"twitter:label1\" content=\"Gesch\u00e4tzte Lesezeit\" \/>\n\t<meta name=\"twitter:data1\" content=\"2\u00a0Minuten\" \/>\n<script type=\"application\/ld+json\" class=\"yoast-schema-graph\">{\"@context\":\"https:\/\/schema.org\",\"@graph\":[{\"@type\":\"WebPage\",\"@id\":\"https:\/\/aerokingairco.nl\/de\/ueber-uns\/\",\"url\":\"https:\/\/aerokingairco.nl\/de\/ueber-uns\/\",\"name\":\"\u00dcber uns - Aeroking Airco\",\"isPartOf\":{\"@id\":\"https:\/\/aerokingairco.nl\/de\/#website\"},\"datePublished\":\"2022-05-09T12:55:34+00:00\",\"dateModified\":\"2023-01-26T10:34:28+00:00\",\"description\":\"Das Team von Aeroking Airco ist bereit f\u00fcr Sie. Erfahren Sie mehr \u00fcber uns und unseren T\u00e4tigkeitsbereich oder kontaktieren Sie uns f\u00fcr weitere Informationen!\",\"breadcrumb\":{\"@id\":\"https:\/\/aerokingairco.nl\/de\/ueber-uns\/#breadcrumb\"},\"inLanguage\":\"de\",\"potentialAction\":[{\"@type\":\"ReadAction\",\"target\":[\"https:\/\/aerokingairco.nl\/de\/ueber-uns\/\"]}]},{\"@type\":\"BreadcrumbList\",\"@id\":\"https:\/\/aerokingairco.nl\/de\/ueber-uns\/#breadcrumb\",\"itemListElement\":[{\"@type\":\"ListItem\",\"position\":1,\"name\":\"Home\",\"item\":\"https:\/\/aerokingairco.nl\/de\/\"},{\"@type\":\"ListItem\",\"position\":2,\"name\":\"\u00dcber uns\"}]},{\"@type\":\"WebSite\",\"@id\":\"https:\/\/aerokingairco.nl\/de\/#website\",\"url\":\"https:\/\/aerokingairco.nl\/de\/\",\"name\":\"Aeroking Airco\",\"description\":\"Maakt duurzaam leven mogelijk\",\"publisher\":{\"@id\":\"https:\/\/aerokingairco.nl\/de\/#organization\"},\"potentialAction\":[{\"@type\":\"SearchAction\",\"target\":{\"@type\":\"EntryPoint\",\"urlTemplate\":\"https:\/\/aerokingairco.nl\/de\/?s={search_term_string}\"},\"query-input\":{\"@type\":\"PropertyValueSpecification\",\"valueRequired\":true,\"valueName\":\"search_term_string\"}}],\"inLanguage\":\"de\"},{\"@type\":\"Organization\",\"@id\":\"https:\/\/aerokingairco.nl\/de\/#organization\",\"name\":\"Aeroking Airco\",\"url\":\"https:\/\/aerokingairco.nl\/de\/\",\"logo\":{\"@type\":\"ImageObject\",\"inLanguage\":\"de\",\"@id\":\"https:\/\/aerokingairco.nl\/de\/#\/schema\/logo\/image\/\",\"url\":\"https:\/\/aerokingairco.nl\/wp-content\/uploads\/2023\/02\/330992712_1216724068967065_3754733078399192394_n.jpg\",\"contentUrl\":\"https:\/\/aerokingairco.nl\/wp-content\/uploads\/2023\/02\/330992712_1216724068967065_3754733078399192394_n.jpg\",\"width\":869,\"height\":390,\"caption\":\"Aeroking Airco\"},\"image\":{\"@id\":\"https:\/\/aerokingairco.nl\/de\/#\/schema\/logo\/image\/\"}}]}<\/script>\n<!-- \/ Yoast SEO plugin. -->","yoast_head_json":{"title":"\u00dcber uns - Aeroking Airco","description":"Das Team von Aeroking Airco ist bereit f\u00fcr Sie. Erfahren Sie mehr \u00fcber uns und unseren T\u00e4tigkeitsbereich oder kontaktieren Sie uns f\u00fcr weitere Informationen!","robots":{"index":"index","follow":"follow","max-snippet":"max-snippet:-1","max-image-preview":"max-image-preview:large","max-video-preview":"max-video-preview:-1"},"canonical":"https:\/\/aerokingairco.nl\/de\/ueber-uns\/","og_locale":"de_DE","og_type":"article","og_title":"\u00dcber uns - Aeroking Airco","og_description":"Das Team von Aeroking Airco ist bereit f\u00fcr Sie. Erfahren Sie mehr \u00fcber uns und unseren T\u00e4tigkeitsbereich oder kontaktieren Sie uns f\u00fcr weitere Informationen!","og_url":"https:\/\/aerokingairco.nl\/de\/ueber-uns\/","og_site_name":"Aeroking Airco","article_modified_time":"2023-01-26T10:34:28+00:00","twitter_card":"summary_large_image","twitter_misc":{"Gesch\u00e4tzte Lesezeit":"2\u00a0Minuten"},"schema":{"@context":"https:\/\/schema.org","@graph":[{"@type":"WebPage","@id":"https:\/\/aerokingairco.nl\/de\/ueber-uns\/","url":"https:\/\/aerokingairco.nl\/de\/ueber-uns\/","name":"\u00dcber uns - Aeroking Airco","isPartOf":{"@id":"https:\/\/aerokingairco.nl\/de\/#website"},"datePublished":"2022-05-09T12:55:34+00:00","dateModified":"2023-01-26T10:34:28+00:00","description":"Das Team von Aeroking Airco ist bereit f\u00fcr Sie. Erfahren Sie mehr \u00fcber uns und unseren T\u00e4tigkeitsbereich oder kontaktieren Sie uns f\u00fcr weitere Informationen!","breadcrumb":{"@id":"https:\/\/aerokingairco.nl\/de\/ueber-uns\/#breadcrumb"},"inLanguage":"de","potentialAction":[{"@type":"ReadAction","target":["https:\/\/aerokingairco.nl\/de\/ueber-uns\/"]}]},{"@type":"BreadcrumbList","@id":"https:\/\/aerokingairco.nl\/de\/ueber-uns\/#breadcrumb","itemListElement":[{"@type":"ListItem","position":1,"name":"Home","item":"https:\/\/aerokingairco.nl\/de\/"},{"@type":"ListItem","position":2,"name":"\u00dcber uns"}]},{"@type":"WebSite","@id":"https:\/\/aerokingairco.nl\/de\/#website","url":"https:\/\/aerokingairco.nl\/de\/","name":"Aeroking Airco","description":"Maakt duurzaam leven mogelijk","publisher":{"@id":"https:\/\/aerokingairco.nl\/de\/#organization"},"potentialAction":[{"@type":"SearchAction","target":{"@type":"EntryPoint","urlTemplate":"https:\/\/aerokingairco.nl\/de\/?s={search_term_string}"},"query-input":{"@type":"PropertyValueSpecification","valueRequired":true,"valueName":"search_term_string"}}],"inLanguage":"de"},{"@type":"Organization","@id":"https:\/\/aerokingairco.nl\/de\/#organization","name":"Aeroking Airco","url":"https:\/\/aerokingairco.nl\/de\/","logo":{"@type":"ImageObject","inLanguage":"de","@id":"https:\/\/aerokingairco.nl\/de\/#\/schema\/logo\/image\/","url":"https:\/\/aerokingairco.nl\/wp-content\/uploads\/2023\/02\/330992712_1216724068967065_3754733078399192394_n.jpg","contentUrl":"https:\/\/aerokingairco.nl\/wp-content\/uploads\/2023\/02\/330992712_1216724068967065_3754733078399192394_n.jpg","width":869,"height":390,"caption":"Aeroking Airco"},"image":{"@id":"https:\/\/aerokingairco.nl\/de\/#\/schema\/logo\/image\/"}}]}},"jetpack_sharing_enabled":true,"_links":{"self":[{"href":"https:\/\/aerokingairco.nl\/de\/wp-json\/wp\/v2\/pages\/16608","targetHints":{"allow":["GET"]}}],"collection":[{"href":"https:\/\/aerokingairco.nl\/de\/wp-json\/wp\/v2\/pages"}],"about":[{"href":"https:\/\/aerokingairco.nl\/de\/wp-json\/wp\/v2\/types\/page"}],"author":[{"embeddable":true,"href":"https:\/\/aerokingairco.nl\/de\/wp-json\/wp\/v2\/users\/4"}],"replies":[{"embeddable":true,"href":"https:\/\/aerokingairco.nl\/de\/wp-json\/wp\/v2\/comments?post=16608"}],"version-history":[{"count":13,"href":"https:\/\/aerokingairco.nl\/de\/wp-json\/wp\/v2\/pages\/16608\/revisions"}],"predecessor-version":[{"id":17140,"href":"https:\/\/aerokingairco.nl\/de\/wp-json\/wp\/v2\/pages\/16608\/revisions\/17140"}],"wp:attachment":[{"href":"https:\/\/aerokingairco.nl\/de\/wp-json\/wp\/v2\/media?parent=16608"}],"curies":[{"name":"wp","href":"https:\/\/api.w.org\/{rel}","templated":true}]}}